{"id":22041,"date":"2021-11-24T07:14:07","date_gmt":"2021-11-24T06:14:07","guid":{"rendered":"https:\/\/mhyrdin.fr\/blog\/?page_id=22041"},"modified":"2021-11-30T23:45:35","modified_gmt":"2021-11-30T22:45:35","slug":"aout-septembre-les-pyrenees","status":"publish","type":"page","link":"https:\/\/mhyrdin.fr\/blog\/archives-numeriques\/2021-2\/aout-septembre-les-pyrenees\/","title":{"rendered":"Ao\u00fbt-Septembre : les Pyr\u00e9n\u00e9es et des \u00ab\u00a0raids\u00a0\u00bb en Espagne"},"content":{"rendered":"<div id=\"jig1\" class=\"justified-image-grid jig-332b21c79ae1a931e152cb7fe792a22f jig-preset-global jig-source-nextgen\"><div class=\"jig-clearfix\"><\/div><noscript id=\"jig1-html\" class=\"justified-image-grid-html\" data-lazy-src=\"skiplazyload\" data-src=\"skipunveillazyload\"><ul><li><a href=\"https:\/\/mhyrdin.fr\/blog\/archives-numeriques\/2021-2\/vielle-aure\/\" title=\"23 Photos\"><img loading=\"lazy\" decoding=\"async\" src=\"https:\/\/i0.wp.com\/mhyrdin.fr\/blog\/wordpress\/wp-content\/gallery\/vielle-aure\/Vielle-Aure_155406.jpg?h=170\" alt=\"Vielle-Aure\" width=\"320\" height=\"170\" \/><\/a><p class=\"jig-HTMLdescription\">Vielle-Aure<br\/>23 Photos<\/p><\/li><li><a href=\"https:\/\/mhyrdin.fr\/blog\/archives-numeriques\/2021-2\/piau-engaly-ete-2021\/\" title=\"28 Photos\"><img loading=\"lazy\" decoding=\"async\" src=\"https:\/\/i0.wp.com\/mhyrdin.fr\/blog\/wordpress\/wp-content\/gallery\/piau-engaly_2021\/Marmotte_6364.JPG?h=170\" alt=\"Piau-Engaly \u00e9t\u00e9 2021\" width=\"255\" height=\"170\" \/><\/a><p class=\"jig-HTMLdescription\">Piau-Engaly \u00e9t\u00e9 2021<br\/>28 Photos<\/p><\/li><li><a href=\"https:\/\/mhyrdin.fr\/blog\/archives-numeriques\/2021-2\/au-depart-de-saint-lary\/\" title=\"19 Photos\"><img loading=\"lazy\" decoding=\"async\" src=\"https:\/\/i0.wp.com\/mhyrdin.fr\/blog\/wordpress\/wp-content\/gallery\/saintLary2021-5\/Vall%C3%A9e%20d-O%C3%B4%20Pano1.jpg?h=170\" alt=\"Au d\u00e9part de Saint Lary\" width=\"446\" height=\"170\" \/><\/a><p class=\"jig-HTMLdescription\">Au d\u00e9part de Saint Lary<br\/>19 Photos<\/p><\/li><li><a href=\"https:\/\/mhyrdin.fr\/blog\/archives-numeriques\/2021-2\/lacs-de-neouvielle\/\" title=\"19 Photos\"><img loading=\"lazy\" decoding=\"async\" src=\"https:\/\/i0.wp.com\/mhyrdin.fr\/blog\/wordpress\/wp-content\/gallery\/lacs-de-neouvielle\/Neouvielle_132910.jpg?h=170\" alt=\"Lacs de N\u00e9ouvielle\" width=\"368\" height=\"170\" \/><\/a><p class=\"jig-HTMLdescription\">Lacs de N\u00e9ouvielle<br\/>19 Photos<\/p><\/li><li><a href=\"https:\/\/mhyrdin.fr\/blog\/archives-numeriques\/2021-2\/revilla\/\" title=\"25 Photos\"><img loading=\"lazy\" decoding=\"async\" src=\"https:\/\/i0.wp.com\/mhyrdin.fr\/blog\/wordpress\/wp-content\/gallery\/revilla\/Revilla_124044.jpg?h=170\" alt=\"Revilla\" width=\"368\" height=\"170\" \/><\/a><p class=\"jig-HTMLdescription\">Revilla<br\/>25 Photos<\/p><\/li><li><a href=\"https:\/\/mhyrdin.fr\/blog\/archives-numeriques\/2021-2\/stjean-de-luz\/\" title=\"18 Photos\"><img loading=\"lazy\" decoding=\"async\" src=\"https:\/\/i0.wp.com\/mhyrdin.fr\/blog\/wordpress\/wp-content\/gallery\/stjean-de-luz\/La-Rhune_7412.JPG?h=170\" alt=\"St Jean de Luz\" width=\"255\" height=\"170\" \/><\/a><p class=\"jig-HTMLdescription\">St Jean de Luz<br\/>18 Photos<\/p><\/li><li><a href=\"https:\/\/mhyrdin.fr\/blog\/archives-numeriques\/2021-2\/sites-game-of-thrones-2\/\" title=\"20 Photos\"><img loading=\"lazy\" decoding=\"async\" src=\"https:\/\/i0.wp.com\/mhyrdin.fr\/blog\/wordpress\/wp-content\/gallery\/got\/Bardenas_3703.JPG?h=170\" alt=\"Sites Game of thrones\" width=\"255\" height=\"170\" \/><\/a><p class=\"jig-HTMLdescription\">Sites Game of thrones<br\/>20 Photos<\/p><\/li><\/ul><\/noscript><\/div><div id=\"jig1-developerLink\" class=\"jig-developerLink\"><a href=\"https:\/\/justifiedgrid.com\/\" target=\"_blank\" title=\"Justified Image Grid - Premium WordPress Gallery\">powered by Justified Image Grid<\/a><\/div>\n<h3>Related Images:<\/h3>","protected":false},"excerpt":{"rendered":"<p>Related Images:<\/p>\n","protected":false},"author":4,"featured_media":0,"parent":20144,"menu_order":0,"comment_status":"closed","ping_status":"closed","template":"","meta":{"ngg_post_thumbnail":0,"jetpack_post_was_ever_published":false,"footnotes":"","_links_to":"","_links_to_target":""},"class_list":["post-22041","page","type-page","status-publish","hentry"],"jetpack_shortlink":"https:\/\/wp.me\/P9lSZN-5Jv","jetpack_sharing_enabled":true,"_links":{"self":[{"href":"https:\/\/mhyrdin.fr\/blog\/wp-json\/wp\/v2\/pages\/22041","targetHints":{"allow":["GET"]}}],"collection":[{"href":"https:\/\/mhyrdin.fr\/blog\/wp-json\/wp\/v2\/pages"}],"about":[{"href":"https:\/\/mhyrdin.fr\/blog\/wp-json\/wp\/v2\/types\/page"}],"author":[{"embeddable":true,"href":"https:\/\/mhyrdin.fr\/blog\/wp-json\/wp\/v2\/users\/4"}],"replies":[{"embeddable":true,"href":"https:\/\/mhyrdin.fr\/blog\/wp-json\/wp\/v2\/comments?post=22041"}],"version-history":[{"count":4,"href":"https:\/\/mhyrdin.fr\/blog\/wp-json\/wp\/v2\/pages\/22041\/revisions"}],"predecessor-version":[{"id":22125,"href":"https:\/\/mhyrdin.fr\/blog\/wp-json\/wp\/v2\/pages\/22041\/revisions\/22125"}],"up":[{"embeddable":true,"href":"https:\/\/mhyrdin.fr\/blog\/wp-json\/wp\/v2\/pages\/20144"}],"wp:attachment":[{"href":"https:\/\/mhyrdin.fr\/blog\/wp-json\/wp\/v2\/media?parent=22041"}],"curies":[{"name":"wp","href":"https:\/\/api.w.org\/{rel}","templated":true}]}}