{"id":18601,"date":"2020-04-13T09:58:19","date_gmt":"2020-04-13T07:58:19","guid":{"rendered":"https:\/\/mhyrdin.fr\/blog\/?page_id=18601"},"modified":"2022-10-18T17:08:05","modified_gmt":"2022-10-18T15:08:05","slug":"depuis-le-17-mars","status":"publish","type":"page","link":"https:\/\/mhyrdin.fr\/blog\/archives-numeriques\/2020-2\/depuis-le-17-mars\/","title":{"rendered":"Confinement puis \u00ab\u00a0d\u00e9confinement\u00a0\u00bb (du 17 mars au 31 mai)"},"content":{"rendered":"<p>Au gr\u00e9 des quelques sorties autoris\u00e9es pendant le confinement, puis le retour des d\u00e9placements autour de Brest.<\/p>\n<div id=\"jig1\" class=\"justified-image-grid jig-563bcaa44c3ae131117f58c75e9f618c jig-preset-global jig-source-nextgen\"><div class=\"jig-clearfix\"><\/div><noscript id=\"jig1-html\" class=\"justified-image-grid-html\" data-lazy-src=\"skiplazyload\" data-src=\"skipunveillazyload\"><ul><li><a href=\"https:\/\/mhyrdin.fr\/blog\/archives-numeriques\/2020-2\/depuis-le-17-mars\/du-17-au-22-mars\/\" title=\"5 Photos\"><img loading=\"lazy\" decoding=\"async\" src=\"https:\/\/i0.wp.com\/mhyrdin.fr\/blog\/wordpress\/wp-content\/gallery\/confinements2\/Syrphe_6507.JPG?h=170\" alt=\"Du 17 au 29 mars\" width=\"255\" height=\"170\" \/><\/a><p class=\"jig-HTMLdescription\">Du 17 au 29 mars<br\/>5 Photos<\/p><\/li><li><a href=\"https:\/\/mhyrdin.fr\/blog\/archives-numeriques\/2020-2\/depuis-le-17-mars\/du-23-au-29-mars\/\" title=\"18 Photos\"><img loading=\"lazy\" decoding=\"async\" src=\"https:\/\/i0.wp.com\/mhyrdin.fr\/blog\/wordpress\/wp-content\/gallery\/confinements3\/Choucas-des-tours_6599.JPG?h=170\" alt=\"Du 29 mars au 5 avril\" width=\"255\" height=\"170\" \/><\/a><p class=\"jig-HTMLdescription\">Du 29 mars au 5 avril<br\/>18 Photos<\/p><\/li><li><a href=\"https:\/\/mhyrdin.fr\/blog\/archives-numeriques\/2020-2\/depuis-le-17-mars\/mini-studio-et-macro\/\" title=\"14 Photos\"><img loading=\"lazy\" decoding=\"async\" src=\"https:\/\/i0.wp.com\/mhyrdin.fr\/blog\/wordpress\/wp-content\/gallery\/confinementS1\/Scaphandre_6579.JPG?h=170\" alt=\"Mini studio et macro\" width=\"255\" height=\"170\" \/><\/a><p class=\"jig-HTMLdescription\">Mini studio et macro<br\/>14 Photos<\/p><\/li><li><a href=\"https:\/\/mhyrdin.fr\/blog\/archives-numeriques\/2020-2\/depuis-le-17-mars\/du-6-au-12-avril\/\" title=\"35 Photos\"><img loading=\"lazy\" decoding=\"async\" src=\"https:\/\/i0.wp.com\/mhyrdin.fr\/blog\/wordpress\/wp-content\/gallery\/confinements4\/Bec-de-grue-des-pierriers_6757.JPG?h=170\" alt=\"Du 6 au 12 avril\" width=\"255\" height=\"170\" \/><\/a><p class=\"jig-HTMLdescription\">Du 6 au 12 avril<br\/>35 Photos<\/p><\/li><li><a href=\"https:\/\/mhyrdin.fr\/blog\/archives-numeriques\/2020-2\/depuis-le-17-mars\/du-13-au-18-avril\/\" title=\"13 Photos\"><img loading=\"lazy\" decoding=\"async\" src=\"https:\/\/i0.wp.com\/mhyrdin.fr\/blog\/wordpress\/wp-content\/gallery\/13-au-30-avril\/Jacinthe-des-bois_6791.JPG?h=170\" alt=\"Du 13 au 18 avril\" width=\"255\" height=\"170\" \/><\/a><p class=\"jig-HTMLdescription\">Du 13 au 18 avril<br\/>13 Photos<\/p><\/li><li><a href=\"https:\/\/mhyrdin.fr\/blog\/archives-numeriques\/2020-2\/depuis-le-17-mars\/du-19-au-30-avril\/\" title=\"13 Photos\"><img loading=\"lazy\" decoding=\"async\" src=\"https:\/\/i0.wp.com\/mhyrdin.fr\/blog\/wordpress\/wp-content\/gallery\/du-19-au-30-avril\/Troglodyte-mignon_7020.JPG?h=170\" alt=\"Du 19 au 30 avril\" width=\"255\" height=\"170\" \/><\/a><p class=\"jig-HTMLdescription\">Du 19 au 30 avril<br\/>13 Photos<\/p><\/li><li><a href=\"https:\/\/mhyrdin.fr\/blog\/archives-numeriques\/2020-2\/depuis-le-17-mars\/du-1er-au-11-mai\/\" title=\"23 Photos\"><img loading=\"lazy\" decoding=\"async\" src=\"https:\/\/i0.wp.com\/mhyrdin.fr\/blog\/wordpress\/wp-content\/gallery\/du-1er-au-11-mai\/Muguet_2020.JPG?h=170\" alt=\"Du 1er au 11 mai\" width=\"113\" height=\"170\" \/><\/a><p class=\"jig-HTMLdescription\">Du 1er au 11 mai<br\/>23 Photos<\/p><\/li><li><a href=\"https:\/\/mhyrdin.fr\/blog\/archives-numeriques\/2020-2\/depuis-le-17-mars\/deconfinement-2\/\" title=\"24 Photos\"><img loading=\"lazy\" decoding=\"async\" src=\"https:\/\/i0.wp.com\/mhyrdin.fr\/blog\/wordpress\/wp-content\/gallery\/deconfinement\/IMG_7205.JPG?h=170\" alt=\"D\u00e9confinement\" width=\"329\" height=\"170\" \/><\/a><p class=\"jig-HTMLdescription\">D\u00e9confinement<br\/>24 Photos<\/p><\/li><li><a href=\"https:\/\/mhyrdin.fr\/blog\/archives-numeriques\/2020-2\/depuis-le-17-mars\/du-15-au-22-mai\/\" title=\"30 Photos\"><img loading=\"lazy\" decoding=\"async\" src=\"https:\/\/i0.wp.com\/mhyrdin.fr\/blog\/wordpress\/wp-content\/gallery\/a-partir-du-15-mai\/Spatule-blanche_7683.JPG?h=170\" alt=\"Du 15 au 22 mai\" width=\"255\" height=\"170\" \/><\/a><p class=\"jig-HTMLdescription\">Du 15 au 22 mai<br\/>30 Photos<\/p><\/li><li><a href=\"https:\/\/mhyrdin.fr\/blog\/archives-numeriques\/2020-2\/depuis-le-17-mars\/du-23-au-31-mai\/\" title=\"70 Photos\"><img loading=\"lazy\" decoding=\"async\" src=\"https:\/\/i0.wp.com\/mhyrdin.fr\/blog\/wordpress\/wp-content\/gallery\/mai2020-fin\/Argenton_8094.JPG?h=170\" alt=\"Du 23 au 31 mai\" width=\"356\" height=\"170\" \/><\/a><p class=\"jig-HTMLdescription\">Du 23 au 31 mai<br\/>70 Photos<\/p><\/li><\/ul><\/noscript><\/div><div id=\"jig1-developerLink\" class=\"jig-developerLink\"><a href=\"https:\/\/justifiedgrid.com\/\" target=\"_blank\" title=\"Justified Image Grid - Premium WordPress Gallery\">powered by Justified Image Grid<\/a><\/div>\n<p>&nbsp;<\/p>\n<h3>Related Images:<\/h3>","protected":false},"excerpt":{"rendered":"<p>Au gr\u00e9 des quelques sorties autoris\u00e9es pendant le confinement, puis le retour des d\u00e9placements autour de Brest. &nbsp; Related Images:<\/p>\n","protected":false},"author":4,"featured_media":0,"parent":18366,"menu_order":4,"comment_status":"closed","ping_status":"closed","template":"","meta":{"ngg_post_thumbnail":0,"jetpack_post_was_ever_published":false,"footnotes":"","_links_to":"","_links_to_target":""},"class_list":["post-18601","page","type-page","status-publish","hentry"],"jetpack_shortlink":"https:\/\/wp.me\/P9lSZN-4Q1","jetpack_sharing_enabled":true,"_links":{"self":[{"href":"https:\/\/mhyrdin.fr\/blog\/wp-json\/wp\/v2\/pages\/18601","targetHints":{"allow":["GET"]}}],"collection":[{"href":"https:\/\/mhyrdin.fr\/blog\/wp-json\/wp\/v2\/pages"}],"about":[{"href":"https:\/\/mhyrdin.fr\/blog\/wp-json\/wp\/v2\/types\/page"}],"author":[{"embeddable":true,"href":"https:\/\/mhyrdin.fr\/blog\/wp-json\/wp\/v2\/users\/4"}],"replies":[{"embeddable":true,"href":"https:\/\/mhyrdin.fr\/blog\/wp-json\/wp\/v2\/comments?post=18601"}],"version-history":[{"count":1,"href":"https:\/\/mhyrdin.fr\/blog\/wp-json\/wp\/v2\/pages\/18601\/revisions"}],"predecessor-version":[{"id":23755,"href":"https:\/\/mhyrdin.fr\/blog\/wp-json\/wp\/v2\/pages\/18601\/revisions\/23755"}],"up":[{"embeddable":true,"href":"https:\/\/mhyrdin.fr\/blog\/wp-json\/wp\/v2\/pages\/18366"}],"wp:attachment":[{"href":"https:\/\/mhyrdin.fr\/blog\/wp-json\/wp\/v2\/media?parent=18601"}],"curies":[{"name":"wp","href":"https:\/\/api.w.org\/{rel}","templated":true}]}}